{"id":8,"date":"2024-01-31T19:40:33","date_gmt":"2024-01-31T18:40:33","guid":{"rendered":"https:\/\/zsm1.bydgoszcz.pl\/strony\/tme\/?page_id=8"},"modified":"2024-10-13T14:29:20","modified_gmt":"2024-10-13T12:29:20","slug":"strona-glowna","status":"publish","type":"page","link":"https:\/\/zsm1.bydgoszcz.pl\/strony\/tme\/","title":{"rendered":"Strona g\u0142\u00f3wna"},"content":{"rendered":"\n<div class=\"wp-block-uagb-container uagb-block-fefb2f5b alignfull uagb-is-root-container\"><div class=\"uagb-container-inner-blocks-wrap\">\n<div class=\"wp-block-uagb-container uagb-block-0a93cd5b\"><\/div>\n\n\n\n<div class=\"wp-block-uagb-container uagb-block-09808340\">\n<p class=\"has-text-align-center has-medium-font-size\"><strong>ZJAZD ABSOLWENT\u00d3W &#8211; JUBILEUSZ 115 LECIA SZKO\u0141Y &#8211; 24 MAJA 2025<\/strong><\/p>\n<a class=\"spectra-container-link-overlay\" rel=\"noopener\" href=\"https:\/\/zsm1.bydgoszcz.pl\/zjazd-absolwentow-jubileusz-115-lecia-szkoly-24-maja-2025\/\"> <\/a><\/div>\n\n\n\n<div class=\"wp-block-uagb-container uagb-block-93783f1e\"><\/div>\n<\/div><\/div>\n\n\n\n<p class=\"has-medium-font-size\">Aktualno\u015bci:<\/p>\n\n\n\n<div class=\"wp-block-uagb-container uagb-block-3485226b alignfull uagb-is-root-container\"><div class=\"uagb-container-inner-blocks-wrap\">\n\t\t\t<div class=\"wp-block-uagb-post-grid uagb-post-grid  uagb-post__image-position-top uagb-post__image-disabled uagb-block-ba571fbe     uagb-post__items uagb-post__columns-0 is-grid uagb-post__columns-tablet-2 uagb-post__columns-mobile-1 uagb-post__equal-height\" data-total=\"4\" style=\"\">\n\n\t\t\t\t\t\t\t\t\t\t\t\t<article class=\"uagb-post__inner-wrap\">\t\t\t\t\t\t\t\t<h4 class=\"uagb-post__title uagb-post__text\">\n\t\t\t\t<a href=\"https:\/\/zsm1.bydgoszcz.pl\/strony\/tme\/spotkanie-nad-kanalem\/\" target=\"_self\" rel=\"bookmark noopener noreferrer\">SPOTKANIE &#8222;NAD KANA\u0141EM&#8221;<\/a>\n\t\t\t<\/h4>\n\t\t\t\t\t\t<div class='uagb-post__text uagb-post-grid-byline'>\n\t\t\t\t\t\t\t\t<time datetime=\"2026-04-10T09:48:18+02:00\" class=\"uagb-post__date\">\n\t\t\t\t<span class=\"dashicons-calendar dashicons\"><\/span>\t\t\t\t\t2026-04-10\t\t\t\t<\/time>\n\t\t\t\t\t\t<\/div>\n\t\t\t\t\t\t\t<div class='uagb-post__text uagb-post__excerpt'>\n\t\t\t\t\t<p>W dniu 8 kwietnia 2026 roku w Auli Szko\u0142y odby\u0142o si\u0119 zorganizowane przez nasze Stowarzyszenie spotkanie z tw\u00f3rcami koncepcji odbudowy najbli\u017cszego centrum miasta fragmentu Kana\u0142u Bydgoskiego.Zaproszenie przyj\u0119\u0142o wielu Bydgoszczan i kilkunastu absolwent\u00f3w naszej Szko\u0142y.Po\u0142o\u017cenie Szko\u0142y zosta\u0142o upami\u0119tnione na wielu fotografiach,&#8230;\t\t\t\t<\/div>\n\t\t\t\t\t\t<div class=\"uagb-post__text uagb-post__cta wp-block-button\">\n\t\t\t\t<a class=\"wp-block-button__link uagb-text-link\" style=\"\" href=\"https:\/\/zsm1.bydgoszcz.pl\/strony\/tme\/spotkanie-nad-kanalem\/\" target=\"_self\" rel=\"bookmark noopener noreferrer\">Czytaj dalej<\/a>\n\t\t\t<\/div>\n\t\t\t\n\t\t\t\t\t\t\t\t\t<\/article>\n\t\t\t\t\t\t\t\t\t\t\t\t\t\t\t\t<article class=\"uagb-post__inner-wrap\">\t\t\t\t\t\t\t\t<h4 class=\"uagb-post__title uagb-post__text\">\n\t\t\t\t<a href=\"https:\/\/zsm1.bydgoszcz.pl\/strony\/tme\/wesolych-swiat\/\" target=\"_self\" rel=\"bookmark noopener noreferrer\">WESO\u0141YCH \u015aWI\u0104T<\/a>\n\t\t\t<\/h4>\n\t\t\t\t\t\t<div class='uagb-post__text uagb-post-grid-byline'>\n\t\t\t\t\t\t\t\t<time datetime=\"2026-04-02T16:32:30+02:00\" class=\"uagb-post__date\">\n\t\t\t\t<span class=\"dashicons-calendar dashicons\"><\/span>\t\t\t\t\t2026-04-02\t\t\t\t<\/time>\n\t\t\t\t\t\t<\/div>\n\t\t\t\t\t\t\t<div class='uagb-post__text uagb-post__excerpt'>\n\t\t\t\t\t<p>\u017byczymy, aby czas wielkanocny by\u0142 chwil\u0105 zatrzymania si\u0119 w\u015br\u00f3d codziennego p\u0119du. Niech zmartwychwstanie Chrystusa niesie nadziej\u0119, kt\u00f3ra nie ga\u015bnie, niech da si\u0142\u0119 do budowania zgody oraz do podejmowania m\u0105drych decyzji i kolejnych \u017cyciowych wyzwa\u0144.\u017byczymy Wam \u015bwi\u0105t bez zagl\u0105dania do kom\u00f3rki&#8230;\t\t\t\t<\/div>\n\t\t\t\t\t\t<div class=\"uagb-post__text uagb-post__cta wp-block-button\">\n\t\t\t\t<a class=\"wp-block-button__link uagb-text-link\" style=\"\" href=\"https:\/\/zsm1.bydgoszcz.pl\/strony\/tme\/wesolych-swiat\/\" target=\"_self\" rel=\"bookmark noopener noreferrer\">Czytaj dalej<\/a>\n\t\t\t<\/div>\n\t\t\t\n\t\t\t\t\t\t\t\t\t<\/article>\n\t\t\t\t\t\t\t\t\t\t\t\t\t\t\t\t<article class=\"uagb-post__inner-wrap\">\t\t\t\t\t\t\t\t<h4 class=\"uagb-post__title uagb-post__text\">\n\t\t\t\t<a href=\"https:\/\/zsm1.bydgoszcz.pl\/strony\/tme\/zaproszenie-nad-kanal\/\" target=\"_self\" rel=\"bookmark noopener noreferrer\">ZAPROSZENIE &#8222;NAD KANA\u0141&#8221;<\/a>\n\t\t\t<\/h4>\n\t\t\t\t\t\t<div class='uagb-post__text uagb-post-grid-byline'>\n\t\t\t\t\t\t\t\t<time datetime=\"2026-03-18T14:28:03+01:00\" class=\"uagb-post__date\">\n\t\t\t\t<span class=\"dashicons-calendar dashicons\"><\/span>\t\t\t\t\t2026-03-18\t\t\t\t<\/time>\n\t\t\t\t\t\t<\/div>\n\t\t\t\t\t\t\t<div class='uagb-post__text uagb-post__excerpt'>\n\t\t\t\t\t<p>We wspomnieniach starszych absolwent\u00f3w nasza szko\u0142a nieodmiennie \u0142\u0105czy si\u0119 z starym kana\u0142em bydgoskim. Po\u0142o\u017cenie SZKO\u0141Y zosta\u0142o upami\u0119tnione na wielu fotografiach, a wizerunek gmachu SZKO\u0141Y nad kana\u0142em pozostaje w pami\u0119ci naszych koleg\u00f3w.Maj\u0105c to na uwadze Stowarzyszenie Absolwent\u00f3w i Sympatyk\u00f3w TME i&#8230;\t\t\t\t<\/div>\n\t\t\t\t\t\t<div class=\"uagb-post__text uagb-post__cta wp-block-button\">\n\t\t\t\t<a class=\"wp-block-button__link uagb-text-link\" style=\"\" href=\"https:\/\/zsm1.bydgoszcz.pl\/strony\/tme\/zaproszenie-nad-kanal\/\" target=\"_self\" rel=\"bookmark noopener noreferrer\">Czytaj dalej<\/a>\n\t\t\t<\/div>\n\t\t\t\n\t\t\t\t\t\t\t\t\t<\/article>\n\t\t\t\t\t\t\t\t\t\t\t\t\t\t\t\t<article class=\"uagb-post__inner-wrap\">\t\t\t\t\t\t\t\t<h4 class=\"uagb-post__title uagb-post__text\">\n\t\t\t\t<a href=\"https:\/\/zsm1.bydgoszcz.pl\/strony\/tme\/do-siego-roku\/\" target=\"_self\" rel=\"bookmark noopener noreferrer\">DO SIEGO ROKU<\/a>\n\t\t\t<\/h4>\n\t\t\t\t\t\t<div class='uagb-post__text uagb-post-grid-byline'>\n\t\t\t\t\t\t\t\t<time datetime=\"2025-12-31T17:46:50+01:00\" class=\"uagb-post__date\">\n\t\t\t\t<span class=\"dashicons-calendar dashicons\"><\/span>\t\t\t\t\t2025-12-31\t\t\t\t<\/time>\n\t\t\t\t\t\t<\/div>\n\t\t\t\t\t\t\t<div class='uagb-post__text uagb-post__excerpt'>\n\t\t\t\t\t<p>Drogie i pi\u0119kne Nauczycielki :)Wspaniali i przystojni Nauczyciele :)Kole\u017canki i Koledzy absolwenci i sympatycySzko\u0142y przy ul. \u015aw. Tr\u00f3jcy 37 (\u015awierczewskiego 37) Gronu pedagogicznemu:Sukces\u00f3w, zdolnych uczni\u00f3w i m\u0105drych ministr\u00f3w edukacjioraz rodzic\u00f3w m\u0105drze wychowuj\u0105cych dzieci. UczniomWymagaj\u0105cych* nauczycieli z pasj\u0105.* docenicie ich na&#8230;\t\t\t\t<\/div>\n\t\t\t\t\t\t<div class=\"uagb-post__text uagb-post__cta wp-block-button\">\n\t\t\t\t<a class=\"wp-block-button__link uagb-text-link\" style=\"\" href=\"https:\/\/zsm1.bydgoszcz.pl\/strony\/tme\/do-siego-roku\/\" target=\"_self\" rel=\"bookmark noopener noreferrer\">Czytaj dalej<\/a>\n\t\t\t<\/div>\n\t\t\t\n\t\t\t\t\t\t\t\t\t<\/article>\n\t\t\t\t\t\t\t\t\t\t\t\t\t\t\t\t<article class=\"uagb-post__inner-wrap\">\t\t\t\t\t\t\t\t<h4 class=\"uagb-post__title uagb-post__text\">\n\t\t\t\t<a href=\"https:\/\/zsm1.bydgoszcz.pl\/strony\/tme\/dziekujemy-za-zyczenia\/\" target=\"_self\" rel=\"bookmark noopener noreferrer\">Dzi\u0119kujemy za \u017byczenia !<\/a>\n\t\t\t<\/h4>\n\t\t\t\t\t\t<div class='uagb-post__text uagb-post-grid-byline'>\n\t\t\t\t\t\t\t\t<time datetime=\"2025-12-19T15:07:16+01:00\" class=\"uagb-post__date\">\n\t\t\t\t<span class=\"dashicons-calendar dashicons\"><\/span>\t\t\t\t\t2025-12-19\t\t\t\t<\/time>\n\t\t\t\t\t\t<\/div>\n\t\t\t\t\t\t\t<div class='uagb-post__text uagb-post__excerpt'>\n\t\t\t\t\t<p>W dniu 19.12.2025 uczestniczyli\u015bmy na zaproszenie Pani Dyrektor Ew\u0119 Ankiewicz-Jasi\u0144sk\u0105 w \u00a0spotkaniu op\u0142atkowym szko\u0142y. W imieniu absolwent\u00f3w i sympatyk\u00f3w Szko\u0142y odebrali\u015bmy \u017byczenia od Pani Dyrektor. Impreza by\u0142a bardzo starannie przygotowana. O opraw\u0119 artystyczn\u0105 zadbali uczniowie. Ch\u00f3r \u015bpiewa\u0142 kol\u0119dy przeplatane recytacjami&#8230;\t\t\t\t<\/div>\n\t\t\t\t\t\t<div class=\"uagb-post__text uagb-post__cta wp-block-button\">\n\t\t\t\t<a class=\"wp-block-button__link uagb-text-link\" style=\"\" href=\"https:\/\/zsm1.bydgoszcz.pl\/strony\/tme\/dziekujemy-za-zyczenia\/\" target=\"_self\" rel=\"bookmark noopener noreferrer\">Czytaj dalej<\/a>\n\t\t\t<\/div>\n\t\t\t\n\t\t\t\t\t\t\t\t\t<\/article>\n\t\t\t\t\t\t\t\t\t\t\t\t\t<div class=\"uagb-post-pagination-wrap\">\n\t\t\t\t\t\t<span aria-current=\"page\" class=\"page-numbers current\">1<\/span>\n<a class=\"page-numbers\" href=\"https:\/\/zsm1.bydgoszcz.pl\/strony\/tme\/wp-json\/wp\/v2\/pages\/8\/page\/2\/\">2<\/a>\n<a class=\"page-numbers\" href=\"https:\/\/zsm1.bydgoszcz.pl\/strony\/tme\/wp-json\/wp\/v2\/pages\/8\/page\/3\/\">3<\/a>\n<a class=\"page-numbers\" href=\"https:\/\/zsm1.bydgoszcz.pl\/strony\/tme\/wp-json\/wp\/v2\/pages\/8\/page\/4\/\">4<\/a>\n<a class=\"next page-numbers\" href=\"https:\/\/zsm1.bydgoszcz.pl\/strony\/tme\/wp-json\/wp\/v2\/pages\/8\/page\/2\/\">Next \u00bb<\/a>\t\t\t\t\t<\/div>\n\t\t\t\t\t\t\t\t<\/div>\n\t\t\t<\/div><\/div>\n","protected":false},"excerpt":{"rendered":"<p>ZJAZD ABSOLWENT\u00d3W &#8211; JUBILEUSZ 115 LECIA SZKO\u0141Y &#8211; 24 MAJA 2025 Aktualno\u015bci:<\/p>\n","protected":false},"author":1,"featured_media":0,"parent":0,"menu_order":0,"comment_status":"closed","ping_status":"closed","template":"","meta":{"_uag_custom_page_level_css":"","site-sidebar-layout":"default","site-content-layout":"","ast-site-content-layout":"default","site-content-style":"default","site-sidebar-style":"default","ast-global-header-display":"","ast-banner-title-visibility":"","ast-main-header-display":"","ast-hfb-above-header-display":"","ast-hfb-below-header-display":"","ast-hfb-mobile-header-display":"","site-post-title":"","ast-breadcrumbs-content":"","ast-featured-img":"","footer-sml-layout":"","theme-transparent-header-meta":"","adv-header-id-meta":"","stick-header-meta":"","header-above-stick-meta":"","header-main-stick-meta":"","header-below-stick-meta":"","astra-migrate-meta-layouts":"default","ast-page-background-enabled":"default","ast-page-background-meta":{"desktop":{"background-color":"var(--ast-global-color-4)","background-image":"","background-repeat":"repeat","background-position":"center center","background-size":"auto","background-attachment":"scroll","background-type":"","background-media":"","overlay-type":"","overlay-color":"","overlay-opacity":"","overlay-gradient":""},"tablet":{"background-color":"","background-image":"","background-repeat":"repeat","background-position":"center center","background-size":"auto","background-attachment":"scroll","background-type":"","background-media":"","overlay-type":"","overlay-color":"","overlay-opacity":"","overlay-gradient":""},"mobile":{"background-color":"","background-image":"","background-repeat":"repeat","background-position":"center center","background-size":"auto","background-attachment":"scroll","background-type":"","background-media":"","overlay-type":"","overlay-color":"","overlay-opacity":"","overlay-gradient":""}},"ast-content-background-meta":{"desktop":{"background-color":"var(--ast-global-color-5)","background-image":"","background-repeat":"repeat","background-position":"center center","background-size":"auto","background-attachment":"scroll","background-type":"","background-media":"","overlay-type":"","overlay-color":"","overlay-opacity":"","overlay-gradient":""},"tablet":{"background-color":"var(--ast-global-color-5)","background-image":"","background-repeat":"repeat","background-position":"center center","background-size":"auto","background-attachment":"scroll","background-type":"","background-media":"","overlay-type":"","overlay-color":"","overlay-opacity":"","overlay-gradient":""},"mobile":{"background-color":"var(--ast-global-color-5)","background-image":"","background-repeat":"repeat","background-position":"center center","background-size":"auto","background-attachment":"scroll","background-type":"","background-media":"","overlay-type":"","overlay-color":"","overlay-opacity":"","overlay-gradient":""}},"footnotes":"","_wp_rev_ctl_limit":"2"},"class_list":["post-8","page","type-page","status-publish","hentry"],"uagb_featured_image_src":{"full":false,"thumbnail":false,"medium":false,"medium_large":false,"large":false,"1536x1536":false,"2048x2048":false},"uagb_author_info":{"display_name":"admin","author_link":"https:\/\/zsm1.bydgoszcz.pl\/strony\/tme\/author\/admin\/"},"uagb_comment_info":0,"uagb_excerpt":"ZJAZD ABSOLWENT\u00d3W &#8211; JUBILEUSZ 115 LECIA SZKO\u0141Y &#8211; 24 MAJA 2025 Aktualno\u015bci:","_links":{"self":[{"href":"https:\/\/zsm1.bydgoszcz.pl\/strony\/tme\/wp-json\/wp\/v2\/pages\/8","targetHints":{"allow":["GET"]}}],"collection":[{"href":"https:\/\/zsm1.bydgoszcz.pl\/strony\/tme\/wp-json\/wp\/v2\/pages"}],"about":[{"href":"https:\/\/zsm1.bydgoszcz.pl\/strony\/tme\/wp-json\/wp\/v2\/types\/page"}],"author":[{"embeddable":true,"href":"https:\/\/zsm1.bydgoszcz.pl\/strony\/tme\/wp-json\/wp\/v2\/users\/1"}],"replies":[{"embeddable":true,"href":"https:\/\/zsm1.bydgoszcz.pl\/strony\/tme\/wp-json\/wp\/v2\/comments?post=8"}],"version-history":[{"count":3,"href":"https:\/\/zsm1.bydgoszcz.pl\/strony\/tme\/wp-json\/wp\/v2\/pages\/8\/revisions"}],"predecessor-version":[{"id":1172,"href":"https:\/\/zsm1.bydgoszcz.pl\/strony\/tme\/wp-json\/wp\/v2\/pages\/8\/revisions\/1172"}],"wp:attachment":[{"href":"https:\/\/zsm1.bydgoszcz.pl\/strony\/tme\/wp-json\/wp\/v2\/media?parent=8"}],"curies":[{"name":"wp","href":"https:\/\/api.w.org\/{rel}","templated":true}]}}