{"id":142,"date":"2024-03-07T12:07:45","date_gmt":"2024-03-07T11:07:45","guid":{"rendered":"https:\/\/zsm1.bydgoszcz.pl\/strony\/tme\/?page_id=142"},"modified":"2025-10-18T17:55:29","modified_gmt":"2025-10-18T15:55:29","slug":"pamiec-o-zasluzonych","status":"publish","type":"page","link":"https:\/\/zsm1.bydgoszcz.pl\/strony\/tme\/pamiec-o-zasluzonych\/","title":{"rendered":"Pami\u0119tajmy o tych co odeszli"},"content":{"rendered":"\n<p><strong>Koledzy<\/strong><\/p>\n\n\n\n<p>Jest powiedzenie, \u017ce ludzie \u017cyj\u0105 tak d\u0142ugo jak \u017cyje o nich pami\u0119\u0107, a gdy pami\u0119taj\u0105 o nich nie tylko najbli\u017csi, to&nbsp; \u017cycie jest pe\u0142niejsze.&nbsp;W poni\u017cszej tabeli s\u0105 wymienieni dyrektorzy szk\u00f3\u0142 (nazwy si\u0119 zmienia\u0142y), jakie na przestrzeni lat dzia\u0142a\u0142y w \u201eklasztorze\u201d przy ul. \u015aw. Tr\u00f3jcy 37 w Bydgoszczy. R\u00f3wnie\u017c umieszczono w niej zas\u0142u\u017conych nauczycieli, kt\u00f3rzy ju\u017c odeszli. S\u0105 tam nauczyciele, kt\u00f3rzy zas\u0142u\u017cyli si\u0119 jako pedagodzy, ale r\u00f3wnie\u017c umie\u015bci\u0142em tam moich nauczycieli, kt\u00f3rych niekiedy jedyn\u0105 zas\u0142ug\u0105 by\u0142o zapadaj\u0105ce w pami\u0119\u0107 zachowanie. Nie wykluczone, \u017ce moja ocena jest b\u0142\u0119dna.&nbsp;Na pocz\u0105tku uda\u0142o mi si\u0119 odszuka\u0107 nagrobki 9 os\u00f3b. Do dzisiaj odszukano, dzi\u0119ki pomocy koleg\u00f3w, miejsc poch\u00f3wku 18 os\u00f3b (wyr\u00f3\u017cnione niebieskim t\u0142em w Pami\u0119\u0107_o_zas\u0142u\u017conych-1). W\u015br\u00f3d odszukanych jest nagrobek nauczyciela, kt\u00f3rego ju\u017c nikt nie pami\u0119ta &#8211; Jan Do\u0142\u0119ga Grabowski. Zdj\u0119cia nagrobk\u00f3w i \u201emapki\u201d usytuowania na cmentarzu s\u0105 w plikach umieszczonych w tej zak\u0142adce. Lista zas\u0142u\u017conych\/zapami\u0119tanych jest otwarta. Prosz\u0119 o \u201euzupe\u0142nianie\u201d wykazu o belfr\u00f3w ale nie tylko*, kt\u00f3rych ju\u017c nie ma, a kt\u00f3rzy zostali w Waszej\/naszej pami\u0119ci.<\/p>\n\n\n\n<p>W okresie poprzedzaj\u0105cym &#8222;Wszystkich \u015awi\u0119tych&#8221; cz\u0119\u015bciej wracamy pami\u0119ci\u0105, wspominamy i bywamy na cmentarzach. Przesy\u0142ajcie informacje do Stowarzyszenia Absolwent\u00f3w na adres<strong> <\/strong><a href=\"mailto:stowarzyszenie@zsm1.bydgoszcz.pl\"><strong>stowarzyszenie@zsm1.bydgoszcz.pl<\/strong><\/a><\/p>\n\n\n\n<p>Sympatycznie by\u0142oby, gdyby\u015bcie do maila do\u0142\u0105czyli \u201emapk\u0119\u201d podobn\u0105 do ju\u017c wykonanych. Podpowiem, \u017ce do odszukania grobu u zarz\u0105dcy cmentarza potrzebne jest&nbsp; <strong>imi\u0119 <\/strong>i<strong> nazwisko<\/strong> oraz <strong>data \u015bmierci<\/strong>. <\/p>\n\n\n\n<p>Pracownicy internatu, warsztat\u00f3w, administracji , wo\u017ani te\u017c s\u0105 w \u017cyczliwej pami\u0119ci. Sukcesywnie w miar\u0119 nadsy\u0142ania, b\u0119dziemy uaktualnia\u0107 list\u0119 oraz zamieszcza\u0107 \u201emapki\u201d.<\/p>\n\n\n\n<p class=\"has-text-align-left\">&nbsp;Andrzej D\u0105browski&nbsp;(TME matura 1972) &#8211; Sekretarz Stowarzyszenia<\/p>\n\n\n\n<p>Aktualizacja 10.10.2025<\/p>\n\n\n\n<div class=\"wp-block-uagb-container uagb-block-9581dfc3 alignfull uagb-is-root-container\"><div class=\"uagb-container-inner-blocks-wrap\">\n<div class=\"wp-block-file\"><a id=\"wp-block-file--media-43066fc8-3060-438a-9ced-8d1976ef66ff\" href=\"https:\/\/zsm1.bydgoszcz.pl\/strony\/tme\/wp-content\/uploads\/2025\/10\/Pamiec_o_zasluzonych-1-1.pdf\">Pamiec_o_zasluzonych-1<\/a><a href=\"https:\/\/zsm1.bydgoszcz.pl\/strony\/tme\/wp-content\/uploads\/2025\/10\/Pamiec_o_zasluzonych-1-1.pdf\" class=\"wp-block-file__button wp-element-button\" download aria-describedby=\"wp-block-file--media-43066fc8-3060-438a-9ced-8d1976ef66ff\">Pobierz<\/a><\/div>\n\n\n\n<div class=\"wp-block-file\"><a id=\"wp-block-file--media-93834a36-7b7a-4100-8880-e44a3d5e17a4\" href=\"https:\/\/zsm1.bydgoszcz.pl\/strony\/tme\/wp-content\/uploads\/2024\/10\/01_Siemiradzki.pdf\">Franciszek_Siemiradzki<\/a><a href=\"https:\/\/zsm1.bydgoszcz.pl\/strony\/tme\/wp-content\/uploads\/2024\/10\/01_Siemiradzki.pdf\" class=\"wp-block-file__button wp-element-button\" download aria-describedby=\"wp-block-file--media-93834a36-7b7a-4100-8880-e44a3d5e17a4\">Pobierz<\/a><\/div>\n\n\n\n<div class=\"wp-block-file\"><a id=\"wp-block-file--media-6b2414ef-3148-4aea-bc1b-dfc1d235dec8\" href=\"https:\/\/zsm1.bydgoszcz.pl\/strony\/tme\/wp-content\/uploads\/2025\/01\/11_Przyborski.pdf\">Jan Przyborski<\/a><a href=\"https:\/\/zsm1.bydgoszcz.pl\/strony\/tme\/wp-content\/uploads\/2025\/01\/11_Przyborski.pdf\" class=\"wp-block-file__button wp-element-button\" download aria-describedby=\"wp-block-file--media-6b2414ef-3148-4aea-bc1b-dfc1d235dec8\">Pobierz<\/a><\/div>\n\n\n\n<div class=\"wp-block-file\"><a id=\"wp-block-file--media-0a2f4df3-00ad-4410-8c43-c2b9683aac76\" href=\"https:\/\/zsm1.bydgoszcz.pl\/strony\/tme\/wp-content\/uploads\/2025\/10\/19_Ollech.pdf\">Bronis\u0142aw_Ollech<\/a><a href=\"https:\/\/zsm1.bydgoszcz.pl\/strony\/tme\/wp-content\/uploads\/2025\/10\/19_Ollech.pdf\" class=\"wp-block-file__button wp-element-button\" download aria-describedby=\"wp-block-file--media-0a2f4df3-00ad-4410-8c43-c2b9683aac76\">Pobierz<\/a><\/div>\n\n\n\n<div class=\"wp-block-file\"><a id=\"wp-block-file--media-209e2e99-e2d9-456d-8021-1f2e9cd7a977\" href=\"https:\/\/zsm1.bydgoszcz.pl\/strony\/tme\/wp-content\/uploads\/2024\/10\/02_Kowalski.pdf\">Ludwik Kowalski<\/a><a href=\"https:\/\/zsm1.bydgoszcz.pl\/strony\/tme\/wp-content\/uploads\/2024\/10\/02_Kowalski.pdf\" class=\"wp-block-file__button wp-element-button\" download aria-describedby=\"wp-block-file--media-209e2e99-e2d9-456d-8021-1f2e9cd7a977\">Pobierz<\/a><\/div>\n\n\n\n<div class=\"wp-block-file\"><a id=\"wp-block-file--media-20e89347-f2ca-4e2c-a534-5db9457b905a\" href=\"https:\/\/zsm1.bydgoszcz.pl\/strony\/tme\/wp-content\/uploads\/2024\/10\/03_Bielska.pdf\">Ma\u0142gorzata_Bielska<\/a><a href=\"https:\/\/zsm1.bydgoszcz.pl\/strony\/tme\/wp-content\/uploads\/2024\/10\/03_Bielska.pdf\" class=\"wp-block-file__button wp-element-button\" download aria-describedby=\"wp-block-file--media-20e89347-f2ca-4e2c-a534-5db9457b905a\">Pobierz<\/a><\/div>\n\n\n\n<div class=\"wp-block-file\"><a id=\"wp-block-file--media-dee24ff9-bbec-4635-b499-ba87402ed52a\" href=\"https:\/\/zsm1.bydgoszcz.pl\/strony\/tme\/wp-content\/uploads\/2024\/10\/04_Formaniak.pdf\">Wac\u0142aw F\u00f3rmaniak<\/a><a href=\"https:\/\/zsm1.bydgoszcz.pl\/strony\/tme\/wp-content\/uploads\/2024\/10\/04_Formaniak.pdf\" class=\"wp-block-file__button wp-element-button\" download aria-describedby=\"wp-block-file--media-dee24ff9-bbec-4635-b499-ba87402ed52a\">Pobierz<\/a><\/div>\n\n\n\n<div class=\"wp-block-file\"><a id=\"wp-block-file--media-aff7eda2-b048-461e-9e54-b03298b4bc17\" href=\"https:\/\/zsm1.bydgoszcz.pl\/strony\/tme\/wp-content\/uploads\/2024\/10\/05_Ilowski.pdf\">Fryderyk_I\u0142owski<\/a><a href=\"https:\/\/zsm1.bydgoszcz.pl\/strony\/tme\/wp-content\/uploads\/2024\/10\/05_Ilowski.pdf\" class=\"wp-block-file__button wp-element-button\" download aria-describedby=\"wp-block-file--media-aff7eda2-b048-461e-9e54-b03298b4bc17\">Pobierz<\/a><\/div>\n\n\n\n<div class=\"wp-block-file\"><a id=\"wp-block-file--media-ee3b49e1-e842-448b-92de-b29e26c7aa4d\" href=\"https:\/\/zsm1.bydgoszcz.pl\/strony\/tme\/wp-content\/uploads\/2025\/05\/06_Lopatka.pdf\">Czes\u0142aw \u0141opatka<\/a><a href=\"https:\/\/zsm1.bydgoszcz.pl\/strony\/tme\/wp-content\/uploads\/2025\/05\/06_Lopatka.pdf\" class=\"wp-block-file__button wp-element-button\" download aria-describedby=\"wp-block-file--media-ee3b49e1-e842-448b-92de-b29e26c7aa4d\">Pobierz<\/a><\/div>\n\n\n\n<div class=\"wp-block-file\"><a id=\"wp-block-file--media-8391be9e-3fff-48f3-a38c-aa892cccf8cd\" href=\"https:\/\/zsm1.bydgoszcz.pl\/strony\/tme\/wp-content\/uploads\/2024\/10\/07_Kwasniewski.pdf\">Czes\u0142aw_Kwa\u015bniewski<\/a><a href=\"https:\/\/zsm1.bydgoszcz.pl\/strony\/tme\/wp-content\/uploads\/2024\/10\/07_Kwasniewski.pdf\" class=\"wp-block-file__button wp-element-button\" download aria-describedby=\"wp-block-file--media-8391be9e-3fff-48f3-a38c-aa892cccf8cd\">Pobierz<\/a><\/div>\n\n\n\n<div class=\"wp-block-file\"><a id=\"wp-block-file--media-bb9a386f-6861-435b-b497-4ab110b9723a\" href=\"https:\/\/zsm1.bydgoszcz.pl\/strony\/tme\/wp-content\/uploads\/2024\/10\/08_Szalajda.pdf\">Bernard_Sza\u0142ajda<\/a><a href=\"https:\/\/zsm1.bydgoszcz.pl\/strony\/tme\/wp-content\/uploads\/2024\/10\/08_Szalajda.pdf\" class=\"wp-block-file__button wp-element-button\" download aria-describedby=\"wp-block-file--media-bb9a386f-6861-435b-b497-4ab110b9723a\">Pobierz<\/a><\/div>\n\n\n\n<div class=\"wp-block-file\"><a id=\"wp-block-file--media-72bab01e-985b-4b2e-b17c-e2f8771190d0\" href=\"https:\/\/zsm1.bydgoszcz.pl\/strony\/tme\/wp-content\/uploads\/2024\/10\/09_Trybuszewski.pdf\">Czes\u0142aw_Trybuszewski<\/a><a href=\"https:\/\/zsm1.bydgoszcz.pl\/strony\/tme\/wp-content\/uploads\/2024\/10\/09_Trybuszewski.pdf\" class=\"wp-block-file__button wp-element-button\" download aria-describedby=\"wp-block-file--media-72bab01e-985b-4b2e-b17c-e2f8771190d0\">Pobierz<\/a><\/div>\n\n\n\n<div class=\"wp-block-file\"><a id=\"wp-block-file--media-0bf8b008-03b1-4377-900c-9df92c591f31\" href=\"https:\/\/zsm1.bydgoszcz.pl\/strony\/tme\/wp-content\/uploads\/2024\/11\/10_Koszewski.pdf\">Kazimierz Koszewski<\/a><a href=\"https:\/\/zsm1.bydgoszcz.pl\/strony\/tme\/wp-content\/uploads\/2024\/11\/10_Koszewski.pdf\" class=\"wp-block-file__button wp-element-button\" download aria-describedby=\"wp-block-file--media-0bf8b008-03b1-4377-900c-9df92c591f31\">Pobierz<\/a><\/div>\n\n\n\n<div class=\"wp-block-file\"><a id=\"wp-block-file--media-e26ef701-2818-4010-b623-b139ef80ae23\" href=\"https:\/\/zsm1.bydgoszcz.pl\/strony\/tme\/wp-content\/uploads\/2025\/10\/20_Nowaczyk.pdf\">Wincenty_Nowaczyk<\/a><a href=\"https:\/\/zsm1.bydgoszcz.pl\/strony\/tme\/wp-content\/uploads\/2025\/10\/20_Nowaczyk.pdf\" class=\"wp-block-file__button wp-element-button\" download aria-describedby=\"wp-block-file--media-e26ef701-2818-4010-b623-b139ef80ae23\">Pobierz<\/a><\/div>\n\n\n\n<div class=\"wp-block-file\"><a id=\"wp-block-file--media-b35b6c00-8ec7-4b4f-83cd-0664937c0e74\" href=\"https:\/\/zsm1.bydgoszcz.pl\/strony\/tme\/wp-content\/uploads\/2025\/05\/13_Rydzewski.pdf\">J\u00f3zef Rydzewski<\/a><a href=\"https:\/\/zsm1.bydgoszcz.pl\/strony\/tme\/wp-content\/uploads\/2025\/05\/13_Rydzewski.pdf\" class=\"wp-block-file__button wp-element-button\" download aria-describedby=\"wp-block-file--media-b35b6c00-8ec7-4b4f-83cd-0664937c0e74\">Pobierz<\/a><\/div>\n\n\n\n<div class=\"wp-block-file\"><a id=\"wp-block-file--media-b2931475-9e23-4aac-970c-93374a21607a\" href=\"https:\/\/zsm1.bydgoszcz.pl\/strony\/tme\/wp-content\/uploads\/2025\/10\/17_Rydzewska.pdf\">Zofia Rydzewska<\/a><a href=\"https:\/\/zsm1.bydgoszcz.pl\/strony\/tme\/wp-content\/uploads\/2025\/10\/17_Rydzewska.pdf\" class=\"wp-block-file__button wp-element-button\" download aria-describedby=\"wp-block-file--media-b2931475-9e23-4aac-970c-93374a21607a\">Pobierz<\/a><\/div>\n\n\n\n<div class=\"wp-block-file\"><a id=\"wp-block-file--media-3500a4cd-0008-4149-8416-14a76c2dd93c\" href=\"https:\/\/zsm1.bydgoszcz.pl\/strony\/tme\/wp-content\/uploads\/2025\/05\/14_Kedzierska.pdf\">Halina K\u0119dzierska<\/a><a href=\"https:\/\/zsm1.bydgoszcz.pl\/strony\/tme\/wp-content\/uploads\/2025\/05\/14_Kedzierska.pdf\" class=\"wp-block-file__button wp-element-button\" download aria-describedby=\"wp-block-file--media-3500a4cd-0008-4149-8416-14a76c2dd93c\">Pobierz<\/a><\/div>\n\n\n\n<div class=\"wp-block-file\"><a id=\"wp-block-file--media-1ee9283c-7fd2-4cb9-ad96-a56fe9f35992\" href=\"https:\/\/zsm1.bydgoszcz.pl\/strony\/tme\/wp-content\/uploads\/2025\/05\/15_Mierzbiczak.pdf\">J\u00f3zef_Mierzbiczak<\/a><a href=\"https:\/\/zsm1.bydgoszcz.pl\/strony\/tme\/wp-content\/uploads\/2025\/05\/15_Mierzbiczak.pdf\" class=\"wp-block-file__button wp-element-button\" download aria-describedby=\"wp-block-file--media-1ee9283c-7fd2-4cb9-ad96-a56fe9f35992\">Pobierz<\/a><\/div>\n\n\n\n<div class=\"wp-block-file\"><a id=\"wp-block-file--media-bf4bf9e1-7266-4f6a-a45f-53bdc1d44f6b\" href=\"https:\/\/zsm1.bydgoszcz.pl\/strony\/tme\/wp-content\/uploads\/2025\/08\/16_Maka.pdf\">Jan_M\u0105ka<\/a><a href=\"https:\/\/zsm1.bydgoszcz.pl\/strony\/tme\/wp-content\/uploads\/2025\/08\/16_Maka.pdf\" class=\"wp-block-file__button wp-element-button\" download aria-describedby=\"wp-block-file--media-bf4bf9e1-7266-4f6a-a45f-53bdc1d44f6b\">Pobierz<\/a><\/div>\n\n\n\n<div class=\"wp-block-file\"><a id=\"wp-block-file--media-a370db38-86b4-4ec1-9752-64374e886944\" href=\"https:\/\/zsm1.bydgoszcz.pl\/strony\/tme\/wp-content\/uploads\/2025\/10\/18_Kadziorski.pdf\">Rajmund K\u0105dziorski<\/a><a href=\"https:\/\/zsm1.bydgoszcz.pl\/strony\/tme\/wp-content\/uploads\/2025\/10\/18_Kadziorski.pdf\" class=\"wp-block-file__button wp-element-button\" download aria-describedby=\"wp-block-file--media-a370db38-86b4-4ec1-9752-64374e886944\">Pobierz<\/a><\/div>\n\n\n\n<div class=\"wp-block-file\"><a id=\"wp-block-file--media-8f3fc766-9aac-4f23-95b2-43c36f72390b\" href=\"https:\/\/zsm1.bydgoszcz.pl\/strony\/tme\/wp-content\/uploads\/2025\/05\/12_Grabowski.pdf\">Jan Do\u0142\u0119ga Grabowski<\/a><a href=\"https:\/\/zsm1.bydgoszcz.pl\/strony\/tme\/wp-content\/uploads\/2025\/05\/12_Grabowski.pdf\" class=\"wp-block-file__button wp-element-button\" download aria-describedby=\"wp-block-file--media-8f3fc766-9aac-4f23-95b2-43c36f72390b\">Pobierz<\/a><\/div>\n\n\n\n<div class=\"wp-block-file\"><a id=\"wp-block-file--media-0716501e-c850-4331-9bac-5f7cb82edb63\" href=\"https:\/\/zsm1.bydgoszcz.pl\/strony\/tme\/wp-content\/uploads\/2024\/12\/00_Ziolkowska.pdf\">Maria_Zi\u00f3\u0142kowska<\/a><a href=\"https:\/\/zsm1.bydgoszcz.pl\/strony\/tme\/wp-content\/uploads\/2024\/12\/00_Ziolkowska.pdf\" class=\"wp-block-file__button wp-element-button\" download aria-describedby=\"wp-block-file--media-0716501e-c850-4331-9bac-5f7cb82edb63\">Pobierz<\/a><\/div>\n<\/div><\/div>\n\n\n\n<p><\/p>\n","protected":false},"excerpt":{"rendered":"<p>Koledzy Jest powiedzenie, \u017ce ludzie \u017cyj\u0105 tak d\u0142ugo jak \u017cyje o nich pami\u0119\u0107, a gdy pami\u0119taj\u0105 o nich nie tylko najbli\u017csi, to&nbsp; \u017cycie jest pe\u0142niejsze.&nbsp;W poni\u017cszej tabeli s\u0105 wymienieni dyrektorzy szk\u00f3\u0142 (nazwy si\u0119 zmienia\u0142y), jakie na przestrzeni lat dzia\u0142a\u0142y w \u201eklasztorze\u201d przy ul. \u015aw. Tr\u00f3jcy 37 w Bydgoszczy. R\u00f3wnie\u017c umieszczono w niej zas\u0142u\u017conych nauczycieli, kt\u00f3rzy [&hellip;]<\/p>\n","protected":false},"author":1,"featured_media":0,"parent":0,"menu_order":0,"comment_status":"closed","ping_status":"closed","template":"","meta":{"_uag_custom_page_level_css":"","site-sidebar-layout":"default","site-content-layout":"","ast-site-content-layout":"default","site-content-style":"default","site-sidebar-style":"default","ast-global-header-display":"","ast-banner-title-visibility":"","ast-main-header-display":"","ast-hfb-above-header-display":"","ast-hfb-below-header-display":"","ast-hfb-mobile-header-display":"","site-post-title":"","ast-breadcrumbs-content":"","ast-featured-img":"","footer-sml-layout":"","theme-transparent-header-meta":"","adv-header-id-meta":"","stick-header-meta":"","header-above-stick-meta":"","header-main-stick-meta":"","header-below-stick-meta":"","astra-migrate-meta-layouts":"default","ast-page-background-enabled":"default","ast-page-background-meta":{"desktop":{"background-color":"var(--ast-global-color-4)","background-image":"","background-repeat":"repeat","background-position":"center center","background-size":"auto","background-attachment":"scroll","background-type":"","background-media":"","overlay-type":"","overlay-color":"","overlay-opacity":"","overlay-gradient":""},"tablet":{"background-color":"","background-image":"","background-repeat":"repeat","background-position":"center center","background-size":"auto","background-attachment":"scroll","background-type":"","background-media":"","overlay-type":"","overlay-color":"","overlay-opacity":"","overlay-gradient":""},"mobile":{"background-color":"","background-image":"","background-repeat":"repeat","background-position":"center center","background-size":"auto","background-attachment":"scroll","background-type":"","background-media":"","overlay-type":"","overlay-color":"","overlay-opacity":"","overlay-gradient":""}},"ast-content-background-meta":{"desktop":{"background-color":"var(--ast-global-color-5)","background-image":"","background-repeat":"repeat","background-position":"center center","background-size":"auto","background-attachment":"scroll","background-type":"","background-media":"","overlay-type":"","overlay-color":"","overlay-opacity":"","overlay-gradient":""},"tablet":{"background-color":"var(--ast-global-color-5)","background-image":"","background-repeat":"repeat","background-position":"center center","background-size":"auto","background-attachment":"scroll","background-type":"","background-media":"","overlay-type":"","overlay-color":"","overlay-opacity":"","overlay-gradient":""},"mobile":{"background-color":"var(--ast-global-color-5)","background-image":"","background-repeat":"repeat","background-position":"center center","background-size":"auto","background-attachment":"scroll","background-type":"","background-media":"","overlay-type":"","overlay-color":"","overlay-opacity":"","overlay-gradient":""}},"footnotes":"","_wp_rev_ctl_limit":""},"class_list":["post-142","page","type-page","status-publish","hentry"],"uagb_featured_image_src":{"full":false,"thumbnail":false,"medium":false,"medium_large":false,"large":false,"1536x1536":false,"2048x2048":false},"uagb_author_info":{"display_name":"admin","author_link":"https:\/\/zsm1.bydgoszcz.pl\/strony\/tme\/author\/admin\/"},"uagb_comment_info":0,"uagb_excerpt":"Koledzy Jest powiedzenie, \u017ce ludzie \u017cyj\u0105 tak d\u0142ugo jak \u017cyje o nich pami\u0119\u0107, a gdy pami\u0119taj\u0105 o nich nie tylko najbli\u017csi, to&nbsp; \u017cycie jest pe\u0142niejsze.&nbsp;W poni\u017cszej tabeli s\u0105 wymienieni dyrektorzy szk\u00f3\u0142 (nazwy si\u0119 zmienia\u0142y), jakie na przestrzeni lat dzia\u0142a\u0142y w \u201eklasztorze\u201d przy ul. \u015aw. Tr\u00f3jcy 37 w Bydgoszczy. R\u00f3wnie\u017c umieszczono w niej zas\u0142u\u017conych nauczycieli, kt\u00f3rzy&hellip;","_links":{"self":[{"href":"https:\/\/zsm1.bydgoszcz.pl\/strony\/tme\/wp-json\/wp\/v2\/pages\/142","targetHints":{"allow":["GET"]}}],"collection":[{"href":"https:\/\/zsm1.bydgoszcz.pl\/strony\/tme\/wp-json\/wp\/v2\/pages"}],"about":[{"href":"https:\/\/zsm1.bydgoszcz.pl\/strony\/tme\/wp-json\/wp\/v2\/types\/page"}],"author":[{"embeddable":true,"href":"https:\/\/zsm1.bydgoszcz.pl\/strony\/tme\/wp-json\/wp\/v2\/users\/1"}],"replies":[{"embeddable":true,"href":"https:\/\/zsm1.bydgoszcz.pl\/strony\/tme\/wp-json\/wp\/v2\/comments?post=142"}],"version-history":[{"count":2,"href":"https:\/\/zsm1.bydgoszcz.pl\/strony\/tme\/wp-json\/wp\/v2\/pages\/142\/revisions"}],"predecessor-version":[{"id":1203,"href":"https:\/\/zsm1.bydgoszcz.pl\/strony\/tme\/wp-json\/wp\/v2\/pages\/142\/revisions\/1203"}],"wp:attachment":[{"href":"https:\/\/zsm1.bydgoszcz.pl\/strony\/tme\/wp-json\/wp\/v2\/media?parent=142"}],"curies":[{"name":"wp","href":"https:\/\/api.w.org\/{rel}","templated":true}]}}